{"version":"1.0","provider_name":"Verallia Design Awards","provider_url":"https:\/\/vda-dev.armstrong.space\/fr\/","title":"Verallia Design Awards : un Prix sp\u00e9cial R\u00e9my Cointreau pour cette 17e \u00e9dition - Verallia Design Awards","type":"rich","width":600,"height":338,"html":"<blockquote class=\"wp-embedded-content\" data-secret=\"yQB3Ok4DUM\"><a href=\"https:\/\/vda-dev.armstrong.space\/fr\/nouveau-prix-remy-cointreau-verallia-design-awards\/\">Verallia Design Awards : un Prix sp\u00e9cial R\u00e9my Cointreau pour cette 17e \u00e9dition<\/a><\/blockquote><iframe sandbox=\"allow-scripts\" security=\"restricted\" src=\"https:\/\/vda-dev.armstrong.space\/fr\/nouveau-prix-remy-cointreau-verallia-design-awards\/embed\/#?secret=yQB3Ok4DUM\" width=\"600\" height=\"338\" title=\"\u00ab\u00a0Verallia Design Awards : un Prix sp\u00e9cial R\u00e9my Cointreau pour cette 17e \u00e9dition\u00a0\u00bb &#8212; Verallia Design Awards\" data-secret=\"yQB3Ok4DUM\" frameborder=\"0\" marginwidth=\"0\" marginheight=\"0\" scrolling=\"no\" class=\"wp-embedded-content\"><\/iframe><script>\n\/*! This file is auto-generated *\/\n!function(d,l){\"use strict\";l.querySelector&&d.addEventListener&&\"undefined\"!=typeof URL&&(d.wp=d.wp||{},d.wp.receiveEmbedMessage||(d.wp.receiveEmbedMessage=function(e){var t=e.data;if((t||t.secret||t.message||t.value)&&!\/[^a-zA-Z0-9]\/.test(t.secret)){for(var s,r,n,a=l.querySelectorAll('iframe[data-secret=\"'+t.secret+'\"]'),o=l.querySelectorAll('blockquote[data-secret=\"'+t.secret+'\"]'),c=new RegExp(\"^https?:$\",\"i\"),i=0;i<o.length;i++)o[i].style.display=\"none\";for(i=0;i<a.length;i++)s=a[i],e.source===s.contentWindow&&(s.removeAttribute(\"style\"),\"height\"===t.message?(1e3<(r=parseInt(t.value,10))?r=1e3:~~r<200&&(r=200),s.height=r):\"link\"===t.message&&(r=new URL(s.getAttribute(\"src\")),n=new URL(t.value),c.test(n.protocol))&&n.host===r.host&&l.activeElement===s&&(d.top.location.href=t.value))}},d.addEventListener(\"message\",d.wp.receiveEmbedMessage,!1),l.addEventListener(\"DOMContentLoaded\",function(){for(var e,t,s=l.querySelectorAll(\"iframe.wp-embedded-content\"),r=0;r<s.length;r++)(t=(e=s[r]).getAttribute(\"data-secret\"))||(t=Math.random().toString(36).substring(2,12),e.src+=\"#?secret=\"+t,e.setAttribute(\"data-secret\",t)),e.contentWindow.postMessage({message:\"ready\",secret:t},\"*\")},!1)))}(window,document);\n\/\/# sourceURL=https:\/\/vda-dev.armstrong.space\/wp-includes\/js\/wp-embed.min.js\n<\/script>\n","thumbnail_url":"https:\/\/vda-dev.armstrong.space\/wp-content\/uploads\/2026\/09\/image-5-1.jpg","thumbnail_width":1024,"thumbnail_height":768,"description":"Une \u00e9dition sp\u00e9ciale ! Cette 17\u00e8me \u00e9dition marque une \u00e9tape importante dans l\u2019histoire des Verallia Design Awards avec pour la premi\u00e8re fois, la cr\u00e9ation d\u2019un prix sp\u00e9cial d\u00e9velopp\u00e9 en partenariat avec un client. R\u00e9alis\u00e9 avec le groupe R\u00e9my Cointreau, ce nouveau d\u00e9fi a permis aux \u00e9tudiants de travailler \u00e0 partir d\u2019un brief concret, en lien [&hellip;]"}