{"id":105403,"date":"2026-07-08T17:37:28","date_gmt":"2026-07-08T15:37:28","guid":{"rendered":"https:\/\/design.awards.verallia.fr\/?post_type=communique&#038;p=105403"},"modified":"2026-09-02T09:56:44","modified_gmt":"2026-09-02T07:56:44","slug":"remise-des-prix-de-la-17eme-edition-des-verallia-design-awards","status":"publish","type":"communique","link":"https:\/\/vda-dev.armstrong.space\/fr\/communique\/remise-des-prix-de-la-17eme-edition-des-verallia-design-awards\/","title":{"rendered":"Remise du prix sp\u00e9cial R\u00e9my Cointreau lors de la 17\u00e8me \u00e9dition des Verallia Design Awards"},"content":{"rendered":"\n<p class=\"wp-block-paragraph\"><\/p>\n\n\n\n<h1 class=\"wp-block-heading\"><strong><strong>Une \u00e9dition sp\u00e9ciale !<\/strong><\/strong><\/h1>\n\n\n\n<p class=\"wp-block-paragraph\">Cette 17\u00e8me \u00e9dition marque une \u00e9tape importante dans l\u2019histoire des Verallia Design Awards avec pour la premi\u00e8re fois, la cr\u00e9ation d\u2019un prix sp\u00e9cial d\u00e9velopp\u00e9 en partenariat avec un client. R\u00e9alis\u00e9 avec le groupe R\u00e9my Cointreau, ce nouveau d\u00e9fi a permis aux \u00e9tudiants de travailler \u00e0 partir d\u2019un brief concret, en lien direct avec les attentes et les enjeux du march\u00e9.<\/p>\n\n\n\n<p class=\"wp-block-paragraph\">Le laur\u00e9at du prix sp\u00e9cial R\u00e9my Cointreau a \u00e9t\u00e9 attribu\u00e9 \u00e0 Andy Marie-Joseph (<a href=\"https:\/\/lecolededesign.com\/fr?gad_source=1&amp;gad_campaignid=24158932721&amp;gclid=EAIaIQobChMIyoSm6cDKlgMV92hBAh25tTLsEAAYASAAEgLO7vD_BwE\">\u00c9cole de Design Nantes Atlantique<\/a>) lors d\u2019une c\u00e9r\u00e9monie organis\u00e9e dans les locaux angevins du groupe. Son projet, <em>Flow<\/em>, revisite les codes traditionnels des spiritueux \u00e0 travers une approche \u00e9pur\u00e9e et contemporaine. En misant sur des formes sobres et un langage visuel moderne, il propose une interpr\u00e9tation qui r\u00e9pond aux attentes des nouvelles g\u00e9n\u00e9rations tout en pr\u00e9servant l\u2019ADN de la marque.<\/p>\n\n\n\n<p class=\"wp-block-paragraph\">Pour c\u00e9l\u00e9brer cette premi\u00e8re collaboration, un troph\u00e9e exclusif a \u00e9galement \u00e9t\u00e9 imagin\u00e9. Il fait dialoguer l\u2019univers visuel de Verallia avec celui de la Maison Cointreau, premi\u00e8re marque du Groupe \u00e0 avoir collabor\u00e9 avec Verallia (depuis 1943) symbolisant le lien entre deux acteurs \u00e0 la longue histoire commune.<\/p>\n\n\n\n<div class=\"wp-block-buttons is-layout-flex wp-block-buttons-is-layout-flex\"><\/div>\n\n\n\n<p class=\"has-black-color has-text-color has-link-color wp-elements-1 wp-block-paragraph\"><\/p>\n","protected":false},"excerpt":{"rendered":"<p>Une \u00e9dition sp\u00e9ciale ! Cette 17\u00e8me \u00e9dition marque une \u00e9tape importante dans l\u2019histoire des Verallia Design Awards avec pour la premi\u00e8re fois, la cr\u00e9ation d\u2019un prix sp\u00e9cial d\u00e9velopp\u00e9 en partenariat avec un client. R\u00e9alis\u00e9 avec le groupe R\u00e9my Cointreau, ce nouveau d\u00e9fi a permis aux \u00e9tudiants de travailler \u00e0 partir d\u2019un brief concret, en lien [&hellip;]<\/p>\n","protected":false},"featured_media":105914,"template":"","categories":[],"class_list":["post-105403","communique","type-communique","status-publish","has-post-thumbnail","hentry"],"acf":[],"yoast_head":"<!-- This site is optimized with the Yoast SEO plugin v28.4 - https:\/\/yoast.com\/product\/yoast-seo-wordpress\/ -->\n<title>Remise du prix sp\u00e9cial R\u00e9my Cointreau lors de la 17\u00e8me \u00e9dition des Verallia Design Awards - Verallia Design Awards<\/title>\n<meta name=\"description\" content=\"Pour la premi\u00e8re fois, les Verallia Design Awards s\u2019associent \u00e0 R\u00e9my Cointreau pour un prix sp\u00e9cial r\u00e9compensant le projet Flow d\u2019Andy Marie-Joseph.\" \/>\n<meta name=\"robots\" content=\"index, follow, max-snippet:-1, max-image-preview:large, max-video-preview:-1\" \/>\n<link rel=\"canonical\" href=\"https:\/\/vda-dev.armstrong.space\/fr\/communique\/remise-des-prix-de-la-17eme-edition-des-verallia-design-awards\/\" \/>\n<meta property=\"og:locale\" content=\"fr_FR\" \/>\n<meta property=\"og:type\" content=\"article\" \/>\n<meta property=\"og:title\" content=\"Remise du prix sp\u00e9cial R\u00e9my Cointreau lors de la 17\u00e8me \u00e9dition des Verallia Design Awards - Verallia Design Awards\" \/>\n<meta property=\"og:description\" content=\"Pour la premi\u00e8re fois, les Verallia Design Awards s\u2019associent \u00e0 R\u00e9my Cointreau pour un prix sp\u00e9cial r\u00e9compensant le projet Flow d\u2019Andy Marie-Joseph.\" \/>\n<meta property=\"og:url\" content=\"https:\/\/vda-dev.armstrong.space\/fr\/communique\/remise-des-prix-de-la-17eme-edition-des-verallia-design-awards\/\" \/>\n<meta property=\"og:site_name\" content=\"Verallia Design Awards\" \/>\n<meta property=\"article:modified_time\" content=\"2026-09-02T07:56:44+00:00\" \/>\n<meta property=\"og:image\" content=\"https:\/\/vda-dev.armstrong.space\/wp-content\/uploads\/2026\/09\/image-5-1.jpg\" \/>\n\t<meta property=\"og:image:width\" content=\"1024\" \/>\n\t<meta property=\"og:image:height\" content=\"768\" \/>\n\t<meta property=\"og:image:type\" content=\"image\/jpeg\" \/>\n<meta name=\"twitter:card\" content=\"summary_large_image\" \/>\n<meta name=\"twitter:label1\" content=\"Dur\u00e9e de lecture estim\u00e9e\" \/>\n\t<meta name=\"twitter:data1\" content=\"2 minutes\" \/>\n<script type=\"application\/ld+json\" class=\"yoast-schema-graph\">{\"@context\":\"https:\\\/\\\/schema.org\",\"@graph\":[{\"@type\":\"WebPage\",\"@id\":\"https:\\\/\\\/vda-dev.armstrong.space\\\/fr\\\/communique\\\/remise-des-prix-de-la-17eme-edition-des-verallia-design-awards\\\/\",\"url\":\"https:\\\/\\\/vda-dev.armstrong.space\\\/fr\\\/communique\\\/remise-des-prix-de-la-17eme-edition-des-verallia-design-awards\\\/\",\"name\":\"Remise du prix sp\u00e9cial R\u00e9my Cointreau lors de la 17\u00e8me \u00e9dition des Verallia Design Awards - Verallia Design Awards\",\"isPartOf\":{\"@id\":\"https:\\\/\\\/vda-dev.armstrong.space\\\/fr\\\/#website\"},\"primaryImageOfPage\":{\"@id\":\"https:\\\/\\\/vda-dev.armstrong.space\\\/fr\\\/communique\\\/remise-des-prix-de-la-17eme-edition-des-verallia-design-awards\\\/#primaryimage\"},\"image\":{\"@id\":\"https:\\\/\\\/vda-dev.armstrong.space\\\/fr\\\/communique\\\/remise-des-prix-de-la-17eme-edition-des-verallia-design-awards\\\/#primaryimage\"},\"thumbnailUrl\":\"https:\\\/\\\/vda-dev.armstrong.space\\\/wp-content\\\/uploads\\\/2026\\\/09\\\/image-5-1.jpg\",\"datePublished\":\"2026-07-08T15:37:28+00:00\",\"dateModified\":\"2026-09-02T07:56:44+00:00\",\"description\":\"Pour la premi\u00e8re fois, les Verallia Design Awards s\u2019associent \u00e0 R\u00e9my Cointreau pour un prix sp\u00e9cial r\u00e9compensant le projet Flow d\u2019Andy Marie-Joseph.\",\"breadcrumb\":{\"@id\":\"https:\\\/\\\/vda-dev.armstrong.space\\\/fr\\\/communique\\\/remise-des-prix-de-la-17eme-edition-des-verallia-design-awards\\\/#breadcrumb\"},\"inLanguage\":\"fr-FR\",\"potentialAction\":[{\"@type\":\"ReadAction\",\"target\":[\"https:\\\/\\\/vda-dev.armstrong.space\\\/fr\\\/communique\\\/remise-des-prix-de-la-17eme-edition-des-verallia-design-awards\\\/\"]}]},{\"@type\":\"ImageObject\",\"inLanguage\":\"fr-FR\",\"@id\":\"https:\\\/\\\/vda-dev.armstrong.space\\\/fr\\\/communique\\\/remise-des-prix-de-la-17eme-edition-des-verallia-design-awards\\\/#primaryimage\",\"url\":\"https:\\\/\\\/vda-dev.armstrong.space\\\/wp-content\\\/uploads\\\/2026\\\/09\\\/image-5-1.jpg\",\"contentUrl\":\"https:\\\/\\\/vda-dev.armstrong.space\\\/wp-content\\\/uploads\\\/2026\\\/09\\\/image-5-1.jpg\",\"width\":1024,\"height\":768,\"caption\":\"Remise du prix RC\"},{\"@type\":\"BreadcrumbList\",\"@id\":\"https:\\\/\\\/vda-dev.armstrong.space\\\/fr\\\/communique\\\/remise-des-prix-de-la-17eme-edition-des-verallia-design-awards\\\/#breadcrumb\",\"itemListElement\":[{\"@type\":\"ListItem\",\"position\":1,\"name\":\"Accueil\",\"item\":\"https:\\\/\\\/vda-dev.armstrong.space\\\/fr\\\/\"},{\"@type\":\"ListItem\",\"position\":2,\"name\":\"Remise du prix sp\u00e9cial R\u00e9my Cointreau lors de la 17\u00e8me \u00e9dition des Verallia Design Awards\"}]},{\"@type\":\"WebSite\",\"@id\":\"https:\\\/\\\/vda-dev.armstrong.space\\\/fr\\\/#website\",\"url\":\"https:\\\/\\\/vda-dev.armstrong.space\\\/fr\\\/\",\"name\":\"Verallia Design Awards\",\"description\":\"Verallia Design Award, le concours de design du packaging en verre\",\"publisher\":{\"@id\":\"https:\\\/\\\/vda-dev.armstrong.space\\\/fr\\\/#organization\"},\"potentialAction\":[{\"@type\":\"SearchAction\",\"target\":{\"@type\":\"EntryPoint\",\"urlTemplate\":\"https:\\\/\\\/vda-dev.armstrong.space\\\/fr\\\/?s={search_term_string}\"},\"query-input\":{\"@type\":\"PropertyValueSpecification\",\"valueRequired\":true,\"valueName\":\"search_term_string\"}}],\"inLanguage\":\"fr-FR\"},{\"@type\":\"Organization\",\"@id\":\"https:\\\/\\\/vda-dev.armstrong.space\\\/fr\\\/#organization\",\"name\":\"Verallia Design Awards\",\"url\":\"https:\\\/\\\/vda-dev.armstrong.space\\\/fr\\\/\",\"logo\":{\"@type\":\"ImageObject\",\"inLanguage\":\"fr-FR\",\"@id\":\"https:\\\/\\\/vda-dev.armstrong.space\\\/fr\\\/#\\\/schema\\\/logo\\\/image\\\/\",\"url\":\"https:\\\/\\\/vda-dev.armstrong.space\\\/wp-content\\\/uploads\\\/2023\\\/05\\\/logo-small.png\",\"contentUrl\":\"https:\\\/\\\/vda-dev.armstrong.space\\\/wp-content\\\/uploads\\\/2023\\\/05\\\/logo-small.png\",\"width\":198,\"height\":117,\"caption\":\"Verallia Design Awards\"},\"image\":{\"@id\":\"https:\\\/\\\/vda-dev.armstrong.space\\\/fr\\\/#\\\/schema\\\/logo\\\/image\\\/\"}}]}<\/script>\n<!-- \/ Yoast SEO plugin. -->","yoast_head_json":{"title":"Remise du prix sp\u00e9cial R\u00e9my Cointreau lors de la 17\u00e8me \u00e9dition des Verallia Design Awards - Verallia Design Awards","description":"Pour la premi\u00e8re fois, les Verallia Design Awards s\u2019associent \u00e0 R\u00e9my Cointreau pour un prix sp\u00e9cial r\u00e9compensant le projet Flow d\u2019Andy Marie-Joseph.","robots":{"index":"index","follow":"follow","max-snippet":"max-snippet:-1","max-image-preview":"max-image-preview:large","max-video-preview":"max-video-preview:-1"},"canonical":"https:\/\/vda-dev.armstrong.space\/fr\/communique\/remise-des-prix-de-la-17eme-edition-des-verallia-design-awards\/","og_locale":"fr_FR","og_type":"article","og_title":"Remise du prix sp\u00e9cial R\u00e9my Cointreau lors de la 17\u00e8me \u00e9dition des Verallia Design Awards - Verallia Design Awards","og_description":"Pour la premi\u00e8re fois, les Verallia Design Awards s\u2019associent \u00e0 R\u00e9my Cointreau pour un prix sp\u00e9cial r\u00e9compensant le projet Flow d\u2019Andy Marie-Joseph.","og_url":"https:\/\/vda-dev.armstrong.space\/fr\/communique\/remise-des-prix-de-la-17eme-edition-des-verallia-design-awards\/","og_site_name":"Verallia Design Awards","article_modified_time":"2026-09-02T07:56:44+00:00","og_image":[{"width":1024,"height":768,"url":"https:\/\/vda-dev.armstrong.space\/wp-content\/uploads\/2026\/09\/image-5-1.jpg","type":"image\/jpeg"}],"twitter_card":"summary_large_image","twitter_misc":{"Dur\u00e9e de lecture estim\u00e9e":"2 minutes"},"schema":{"@context":"https:\/\/schema.org","@graph":[{"@type":"WebPage","@id":"https:\/\/vda-dev.armstrong.space\/fr\/communique\/remise-des-prix-de-la-17eme-edition-des-verallia-design-awards\/","url":"https:\/\/vda-dev.armstrong.space\/fr\/communique\/remise-des-prix-de-la-17eme-edition-des-verallia-design-awards\/","name":"Remise du prix sp\u00e9cial R\u00e9my Cointreau lors de la 17\u00e8me \u00e9dition des Verallia Design Awards - Verallia Design Awards","isPartOf":{"@id":"https:\/\/vda-dev.armstrong.space\/fr\/#website"},"primaryImageOfPage":{"@id":"https:\/\/vda-dev.armstrong.space\/fr\/communique\/remise-des-prix-de-la-17eme-edition-des-verallia-design-awards\/#primaryimage"},"image":{"@id":"https:\/\/vda-dev.armstrong.space\/fr\/communique\/remise-des-prix-de-la-17eme-edition-des-verallia-design-awards\/#primaryimage"},"thumbnailUrl":"https:\/\/vda-dev.armstrong.space\/wp-content\/uploads\/2026\/09\/image-5-1.jpg","datePublished":"2026-07-08T15:37:28+00:00","dateModified":"2026-09-02T07:56:44+00:00","description":"Pour la premi\u00e8re fois, les Verallia Design Awards s\u2019associent \u00e0 R\u00e9my Cointreau pour un prix sp\u00e9cial r\u00e9compensant le projet Flow d\u2019Andy Marie-Joseph.","breadcrumb":{"@id":"https:\/\/vda-dev.armstrong.space\/fr\/communique\/remise-des-prix-de-la-17eme-edition-des-verallia-design-awards\/#breadcrumb"},"inLanguage":"fr-FR","potentialAction":[{"@type":"ReadAction","target":["https:\/\/vda-dev.armstrong.space\/fr\/communique\/remise-des-prix-de-la-17eme-edition-des-verallia-design-awards\/"]}]},{"@type":"ImageObject","inLanguage":"fr-FR","@id":"https:\/\/vda-dev.armstrong.space\/fr\/communique\/remise-des-prix-de-la-17eme-edition-des-verallia-design-awards\/#primaryimage","url":"https:\/\/vda-dev.armstrong.space\/wp-content\/uploads\/2026\/09\/image-5-1.jpg","contentUrl":"https:\/\/vda-dev.armstrong.space\/wp-content\/uploads\/2026\/09\/image-5-1.jpg","width":1024,"height":768,"caption":"Remise du prix RC"},{"@type":"BreadcrumbList","@id":"https:\/\/vda-dev.armstrong.space\/fr\/communique\/remise-des-prix-de-la-17eme-edition-des-verallia-design-awards\/#breadcrumb","itemListElement":[{"@type":"ListItem","position":1,"name":"Accueil","item":"https:\/\/vda-dev.armstrong.space\/fr\/"},{"@type":"ListItem","position":2,"name":"Remise du prix sp\u00e9cial R\u00e9my Cointreau lors de la 17\u00e8me \u00e9dition des Verallia Design Awards"}]},{"@type":"WebSite","@id":"https:\/\/vda-dev.armstrong.space\/fr\/#website","url":"https:\/\/vda-dev.armstrong.space\/fr\/","name":"Verallia Design Awards","description":"Verallia Design Award, le concours de design du packaging en verre","publisher":{"@id":"https:\/\/vda-dev.armstrong.space\/fr\/#organization"},"potentialAction":[{"@type":"SearchAction","target":{"@type":"EntryPoint","urlTemplate":"https:\/\/vda-dev.armstrong.space\/fr\/?s={search_term_string}"},"query-input":{"@type":"PropertyValueSpecification","valueRequired":true,"valueName":"search_term_string"}}],"inLanguage":"fr-FR"},{"@type":"Organization","@id":"https:\/\/vda-dev.armstrong.space\/fr\/#organization","name":"Verallia Design Awards","url":"https:\/\/vda-dev.armstrong.space\/fr\/","logo":{"@type":"ImageObject","inLanguage":"fr-FR","@id":"https:\/\/vda-dev.armstrong.space\/fr\/#\/schema\/logo\/image\/","url":"https:\/\/vda-dev.armstrong.space\/wp-content\/uploads\/2023\/05\/logo-small.png","contentUrl":"https:\/\/vda-dev.armstrong.space\/wp-content\/uploads\/2023\/05\/logo-small.png","width":198,"height":117,"caption":"Verallia Design Awards"},"image":{"@id":"https:\/\/vda-dev.armstrong.space\/fr\/#\/schema\/logo\/image\/"}}]}},"_links":{"self":[{"href":"https:\/\/vda-dev.armstrong.space\/fr\/wp-json\/wp\/v2\/communique\/105403","targetHints":{"allow":["GET"]}}],"collection":[{"href":"https:\/\/vda-dev.armstrong.space\/fr\/wp-json\/wp\/v2\/communique"}],"about":[{"href":"https:\/\/vda-dev.armstrong.space\/fr\/wp-json\/wp\/v2\/types\/communique"}],"wp:featuredmedia":[{"embeddable":true,"href":"https:\/\/vda-dev.armstrong.space\/fr\/wp-json\/wp\/v2\/media\/105914"}],"wp:attachment":[{"href":"https:\/\/vda-dev.armstrong.space\/fr\/wp-json\/wp\/v2\/media?parent=105403"}],"wp:term":[{"taxonomy":"category","embeddable":true,"href":"https:\/\/vda-dev.armstrong.space\/fr\/wp-json\/wp\/v2\/categories?post=105403"}],"curies":[{"name":"wp","href":"https:\/\/api.w.org\/{rel}","templated":true}]}}