{"id":105845,"date":"2026-09-01T16:39:58","date_gmt":"2026-09-01T14:39:58","guid":{"rendered":"https:\/\/design.awards.verallia.fr\/?page_id=105845"},"modified":"2026-09-01T17:02:11","modified_gmt":"2026-09-01T15:02:11","slug":"2026-2","status":"publish","type":"page","link":"https:\/\/vda-dev.armstrong.space\/fr\/editions-precedentes-du-concours\/2026-2\/","title":{"rendered":"2026"},"content":{"rendered":"\t\t<div data-elementor-type=\"wp-page\" data-elementor-id=\"105845\" class=\"elementor elementor-105845\" data-elementor-post-type=\"page\">\n\t\t\t\t<div class=\"elementor-element elementor-element-6d6c80a e-flex e-con-boxed e-con e-parent\" data-id=\"6d6c80a\" data-element_type=\"container\" data-e-type=\"container\">\n\t\t\t\t\t<div class=\"e-con-inner\">\n\t\t\t\t<div class=\"elementor-element elementor-element-2e89be2 elementor-blockquote--skin-clean elementor-blockquote--align-center elementor-widget__width-initial elementor-widget elementor-widget-blockquote\" data-id=\"2e89be2\" data-element_type=\"widget\" data-e-type=\"widget\" data-widget_type=\"blockquote.default\">\n\t\t\t\t<div class=\"elementor-widget-container\">\n\t\t\t\t\t\t\t<blockquote class=\"elementor-blockquote\">\n\t\t\t<p class=\"elementor-blockquote__content\">\n\t\t\t\t\"Verre &amp; Vertus\"\t\t\t<\/p>\n\t\t\t\t\t<\/blockquote>\n\t\t\t\t\t\t<\/div>\n\t\t\t\t<\/div>\n\t\t\t\t\t<\/div>\n\t\t\t\t<\/div>\n\t\t<div class=\"elementor-element elementor-element-b618f84 e-flex e-con-boxed e-con e-parent\" data-id=\"b618f84\" data-element_type=\"container\" data-e-type=\"container\">\n\t\t\t\t\t<div class=\"e-con-inner\">\n\t\t<div class=\"elementor-element elementor-element-0d7a548 e-flex e-con-boxed e-con e-child\" data-id=\"0d7a548\" data-element_type=\"container\" data-e-type=\"container\">\n\t\t\t\t\t<div class=\"e-con-inner\">\n\t\t\t\t<div class=\"elementor-element elementor-element-b7ae257 elementor-widget elementor-widget-heading\" data-id=\"b7ae257\" data-element_type=\"widget\" data-e-type=\"widget\" data-widget_type=\"heading.default\">\n\t\t\t\t<div class=\"elementor-widget-container\">\n\t\t\t\t\t<h2 class=\"elementor-heading-title elementor-size-default\">Retour sur l'univers de l'\u00e9dition 2026 du concours<\/h2>\t\t\t\t<\/div>\n\t\t\t\t<\/div>\n\t\t\t\t<div class=\"elementor-element elementor-element-fc5e588 elementor-widget elementor-widget-text-editor\" data-id=\"fc5e588\" data-element_type=\"widget\" data-e-type=\"widget\" data-widget_type=\"text-editor.default\">\n\t\t\t\t<div class=\"elementor-widget-container\">\n\t\t\t\t\t\t\t\t\t<div>\n<p>Le th\u00e8me <strong>\u00ab Verre &amp; Vertus \u00bb<\/strong> invite \u00e0 repenser le packaging en verre comme un v\u00e9ritable<strong> acteur du bien-\u00eatre<\/strong>. Les participants sont encourag\u00e9s \u00e0 cr\u00e9er des emballages valorisant les bienfaits des produits, les ingr\u00e9dients naturels et les nouveaux rituels de consommation. Inspir\u00e9 par la nature, le design doit \u00e9veiller les sens tout en racontant une histoire. Plus qu\u2019un simple contenant, le verre devient un objet du quotidien <strong>alliant esth\u00e9tique, transparence et responsabilit\u00e9<\/strong>, au service du bien-\u00eatre des consommateurs et du respect de l\u2019environnement.<\/p>\n<\/div>\t\t\t\t\t\t\t\t<\/div>\n\t\t\t\t<\/div>\n\t\t\t\t\t<\/div>\n\t\t\t\t<\/div>\n\t\t<div class=\"elementor-element elementor-element-16260f9 e-flex e-con-boxed e-con e-child\" data-id=\"16260f9\" data-element_type=\"container\" data-e-type=\"container\">\n\t\t\t\t\t<div class=\"e-con-inner\">\n\t\t\t\t<div class=\"elementor-element elementor-element-58fc3ac anim-3 elementor-widget-widescreen__width-initial elementor-widget elementor-widget-image\" data-id=\"58fc3ac\" data-element_type=\"widget\" data-e-type=\"widget\" data-widget_type=\"image.default\">\n\t\t\t\t<div class=\"elementor-widget-container\">\n\t\t\t\t\t\t\t\t\t\t\t\t\t\t\t<img fetchpriority=\"high\" decoding=\"async\" width=\"2560\" height=\"1707\" src=\"https:\/\/vda-dev.armstrong.space\/wp-content\/uploads\/2026\/09\/verallia-design-award-laetitia-daboville-0355-scaled.jpg\" class=\"attachment-full size-full wp-image-105879\" alt=\"\" srcset=\"https:\/\/vda-dev.armstrong.space\/wp-content\/uploads\/2026\/09\/verallia-design-award-laetitia-daboville-0355-scaled.jpg 2560w, https:\/\/vda-dev.armstrong.space\/wp-content\/uploads\/2026\/09\/verallia-design-award-laetitia-daboville-0355-300x200.jpg 300w, https:\/\/vda-dev.armstrong.space\/wp-content\/uploads\/2026\/09\/verallia-design-award-laetitia-daboville-0355-1024x683.jpg 1024w, https:\/\/vda-dev.armstrong.space\/wp-content\/uploads\/2026\/09\/verallia-design-award-laetitia-daboville-0355-768x512.jpg 768w, https:\/\/vda-dev.armstrong.space\/wp-content\/uploads\/2026\/09\/verallia-design-award-laetitia-daboville-0355-1536x1024.jpg 1536w, https:\/\/vda-dev.armstrong.space\/wp-content\/uploads\/2026\/09\/verallia-design-award-laetitia-daboville-0355-2048x1365.jpg 2048w\" sizes=\"(max-width: 2560px) 100vw, 2560px\" \/>\t\t\t\t\t\t\t\t\t\t\t\t\t\t\t<\/div>\n\t\t\t\t<\/div>\n\t\t\t\t\t<\/div>\n\t\t\t\t<\/div>\n\t\t\t\t\t<\/div>\n\t\t\t\t<\/div>\n\t\t<div class=\"elementor-element elementor-element-88cd915 e-flex e-con-boxed e-con e-parent\" data-id=\"88cd915\" data-element_type=\"container\" data-e-type=\"container\">\n\t\t\t\t\t<div class=\"e-con-inner\">\n\t\t\t\t<div class=\"elementor-element elementor-element-09235df elementor-widget elementor-widget-heading\" data-id=\"09235df\" data-element_type=\"widget\" data-e-type=\"widget\" data-widget_type=\"heading.default\">\n\t\t\t\t<div class=\"elementor-widget-container\">\n\t\t\t\t\t<h2 class=\"elementor-heading-title elementor-size-default\">Les laur\u00e9ats<\/h2>\t\t\t\t<\/div>\n\t\t\t\t<\/div>\n\t\t\t\t\t<\/div>\n\t\t\t\t<\/div>\n\t\t<div class=\"elementor-element elementor-element-d75cc19 e-con-full e-flex e-con e-parent\" data-id=\"d75cc19\" data-element_type=\"container\" data-e-type=\"container\">\n\t\t\t\t<div class=\"elementor-element elementor-element-a234b65 laureats elementor-widget elementor-widget-ucaddon_card_carousel\" data-id=\"a234b65\" data-element_type=\"widget\" data-e-type=\"widget\" data-widget_type=\"ucaddon_card_carousel.default\">\n\t\t\t\t<div class=\"elementor-widget-container\">\n\t\t\t\t\t\n<!-- start Card Carousel -->\n\t\t<link id='font-awesome-css' href='https:\/\/vda-dev.armstrong.space\/wp-content\/plugins\/unlimited-elements-for-elementor-premium\/assets_libraries\/font-awesome6\/fontawesome-all.min.css' type='text\/css' rel='stylesheet' >\n\t\t<link id='font-awesome-4-shim-css' href='https:\/\/vda-dev.armstrong.space\/wp-content\/plugins\/unlimited-elements-for-elementor-premium\/assets_libraries\/font-awesome6\/fontawesome-v4-shims.min.css' type='text\/css' rel='stylesheet' >\n\t\t<link id='owl-carousel-css' href='https:\/\/vda-dev.armstrong.space\/wp-content\/plugins\/unlimited-elements-for-elementor-premium\/assets_libraries\/owl-carousel-new\/assets\/owl.carousel.css' type='text\/css' rel='stylesheet' >\n\n<style>\/* widget: Card Carousel *\/\n\n#uc_card_carousel_elementor_a234b65-wrapper\n{\n  min-height:1px;\n}\n#uc_card_carousel_elementor_a234b65 *{\n\t-webkit-box-sizing: border-box;\n\t-moz-box-sizing: border-box;\n\tbox-sizing: border-box;\n}\n\n#uc_card_carousel_elementor_a234b65 .ue-carousel-item\n{\n  overflow:hidden;\n  transition:0.3s;\n}\n\n#uc_card_carousel_elementor_a234b65 .uc_classic_carousel_container_holder\n{\n\tdisplay:block;\n\tposition:relative;\n\twidth:100%;\n    box-sizing: border-box;\n}\n.card_carousel_title\n{\n\tfont-size:21px;\n}\n\n.uc_classic_carousel .uc_classic_carousel_border\n{\n\tdisplay:block;\n    margin:0 auto;\n}\n.uc_classic_carousel  .uc_classic_carousel_placeholder\n{\n  transition: all 0.5s ease-in-out;\n}\n.uc_classic_carousel  .uc_classic_carousel_placeholder img\n{\n\twidth:100%;\n    \n    display:inline-flex;\n}\n.uc_classic_carousel  .uc_classic_carousel_placeholder .image_rollover\n{\n\twidth:100%;\n    \n    display:inline-flex;\n    opacity: 0;\n  position:absolute;\n  left:0;\n  transition: opacity 0.5s ease-in-out;\n}\n.uc_classic_carousel  .uc_classic_carousel_placeholder:hover .image_rollover\n{\n    opacity: 1;\n}\n.uc_classic_carousel  .uc_classic_carousel_placeholder:hover\n{\n  \n}\n.uc_classic_carousel .uc_classic_carousel_content\n{\n  display: flex;\n flex-flow: column nowrap;\n}\n\n.uc_classic_carousel .ue_button\n{\n  margin-top:auto;\n\n}\n\n.uc_classic_carousel .uc_classic_carousel_content .uc_more_btn {\n\tdisplay:inline-block;\n\ttext-decoration:none;\n\ttransition: all 0.5s ease;\n}\n\n\n#uc_card_carousel_elementor_a234b65 .owl-dots {\noverflow:hidden;\ntext-align:left;\n}\n\n#uc_card_carousel_elementor_a234b65 .owl-dot {\nborder-radius:50%;\ndisplay:inline-block;\n}\n\n#uc_card_carousel_elementor_a234b65 .owl-nav .owl-prev{\n    position:absolute;\n    display:inline-block;\n    text-align:center;\n}\n#uc_card_carousel_elementor_a234b65 .owl-nav .owl-next{\n  position:absolute;\n  display:inline-block;\n  text-align:center;\n}\n\n#uc_card_carousel_elementor_a234b65 .owl-nav .disabled\n{\n    display: none;  \n}\n\n\n#uc_card_carousel_elementor_a234b65 .ue-item-icon\n{\n  line-height:1em;\n  display:inline-flex;\n  justify-content:center;\n  align-items:center;\n  \n}\n\n#uc_card_carousel_elementor_a234b65 .ue-item-icon svg\n{\n  height:1em;\n  width:1em;\n}\n\n#uc_card_carousel_elementor_a234b65 .ue-item-icon-wrapper\n{\n  display:flex;\n}\n\n\n\n\n<\/style>\n\n<div class=\"uc_classic_carousel\" id=\"uc_card_carousel_elementor_a234b65-wrapper\">\n        <div class=\"uc_carousel owl-carousel uc-items-wrapper  \" id=\"uc_card_carousel_elementor_a234b65\"  >\n          \t<div class=\"uc_classic_carousel_container_holder ue-item elementor-repeater-item-3bd6573\">\n  <div class=\"ue-carousel-item\">\n      <div class=\"uc_classic_carousel_placeholder\">\n          <img decoding=\"async\"  class=\"image_rollout\" src=\"https:\/\/vda-dev.armstrong.space\/wp-content\/uploads\/2026\/09\/verallia-design-award-laetitia-daboville-0101-1024x1536.jpg\"  src=\"https:\/\/vda-dev.armstrong.space\/wp-content\/uploads\/2026\/09\/verallia-design-award-laetitia-daboville-0101-1024x1536.jpg\" alt=\"Verallia Design Award \u00a9 Laetitia d&#039;Aboville 0101\" width=\"1024\" height=\"1536\">\n      <img decoding=\"async\" class=\"image_rollover\" src=\"https:\/\/vda-dev.armstrong.space\/wp-content\/uploads\/2026\/08\/verallia-design-award-laetitia-daboville-0324-768x511.jpg\"  src=\"https:\/\/vda-dev.armstrong.space\/wp-content\/uploads\/2026\/08\/verallia-design-award-laetitia-daboville-0324-768x511.jpg\" alt=\"Verallia Design Award \u00a9 Laetitia d&#039;Aboville 0324\" width=\"768\" height=\"511\">      <\/div>\n    <div class=\"uc_classic_carousel_content\" style=\"direction:ltr;\">\n    \n    \n        \n          \t\n      <div  class=\"card_carousel_title\">Jouvence<\/div>\n          \t\n    \n      \n    <p class=\"card_carousel_text\">Lilian COVIAUX <br>\nVin tranquille ou effervescent Nolow<\/p>    \n    \n    \t\n    \n    \n    \t\n  <\/div>\n  <\/div>\n<\/div>\n<div class=\"uc_classic_carousel_container_holder ue-item elementor-repeater-item-293bbfc\">\n  <div class=\"ue-carousel-item\">\n      <div class=\"uc_classic_carousel_placeholder\">\n          <img loading=\"lazy\" decoding=\"async\"  class=\"image_rollout\" src=\"https:\/\/vda-dev.armstrong.space\/wp-content\/uploads\/2026\/09\/verallia-design-award-laetitia-daboville-0339-768x1154.jpg\"  src=\"https:\/\/vda-dev.armstrong.space\/wp-content\/uploads\/2026\/09\/verallia-design-award-laetitia-daboville-0339-768x1154.jpg\" alt=\"Verallia Design Award \u00a9 Laetitia d&#039;Aboville 0339\" width=\"768\" height=\"1154\">\n      <img loading=\"lazy\" decoding=\"async\" class=\"image_rollover\" src=\"https:\/\/vda-dev.armstrong.space\/wp-content\/uploads\/2026\/09\/verallia-design-award-laetitia-daboville-0563-768x511.jpg\"  src=\"https:\/\/vda-dev.armstrong.space\/wp-content\/uploads\/2026\/09\/verallia-design-award-laetitia-daboville-0563-768x511.jpg\" alt=\"Verallia Design Award \u00a9 Laetitia d&#039;Aboville 0563\" width=\"768\" height=\"511\">      <\/div>\n    <div class=\"uc_classic_carousel_content\" style=\"direction:ltr;\">\n    \n    \n        \n          \t\n      <div  class=\"card_carousel_title\">Cycle<\/div>\n          \t\n    \n      \n    <p class=\"card_carousel_text\">Camille DENIEL<br>\nBoissons fonctionnelles & RTD<\/p>    \n    \n    \t\n    \n    \n    \t\n  <\/div>\n  <\/div>\n<\/div>\n<div class=\"uc_classic_carousel_container_holder ue-item elementor-repeater-item-67271ce\">\n  <div class=\"ue-carousel-item\">\n      <div class=\"uc_classic_carousel_placeholder\">\n          <img loading=\"lazy\" decoding=\"async\"  class=\"image_rollout\" src=\"https:\/\/vda-dev.armstrong.space\/wp-content\/uploads\/2026\/09\/verallia-design-award-laetitia-daboville-0217-768x1152.jpg\"  src=\"https:\/\/vda-dev.armstrong.space\/wp-content\/uploads\/2026\/09\/verallia-design-award-laetitia-daboville-0217-768x1152.jpg\" alt=\"Verallia Design Award \u00a9 Laetitia d&#039;Aboville 0217\" width=\"768\" height=\"1152\">\n      <img loading=\"lazy\" decoding=\"async\" class=\"image_rollover\" src=\"https:\/\/vda-dev.armstrong.space\/wp-content\/uploads\/2026\/09\/verallia-design-award-laetitia-daboville-1494-768x1152.jpg\"  src=\"https:\/\/vda-dev.armstrong.space\/wp-content\/uploads\/2026\/09\/verallia-design-award-laetitia-daboville-1494-768x1152.jpg\" alt=\"Verallia Design Award \u00a9 Laetitia d&#039;Aboville 1494\" width=\"768\" height=\"1152\">      <\/div>\n    <div class=\"uc_classic_carousel_content\" style=\"direction:ltr;\">\n    \n    \n        \n          \t\n      <div  class=\"card_carousel_title\">Alchymia<\/div>\n          \t\n    \n      \n    <p class=\"card_carousel_text\">Anna SAMAGINA<br>\n Packaging food pour les sauces<\/p>    \n    \n    \t\n    \n    \n    \t\n  <\/div>\n  <\/div>\n<\/div>\n<div class=\"uc_classic_carousel_container_holder ue-item elementor-repeater-item-26520f8\">\n  <div class=\"ue-carousel-item\">\n      <div class=\"uc_classic_carousel_placeholder\">\n          <img loading=\"lazy\" decoding=\"async\"  class=\"image_rollout\" src=\"https:\/\/vda-dev.armstrong.space\/wp-content\/uploads\/2026\/09\/verallia-design-award-laetitia-daboville-0128-768x1154.jpg\"  src=\"https:\/\/vda-dev.armstrong.space\/wp-content\/uploads\/2026\/09\/verallia-design-award-laetitia-daboville-0128-768x1154.jpg\" alt=\"Verallia Design Award \u00a9 Laetitia d&#039;Aboville 0128\" width=\"768\" height=\"1154\">\n      <img loading=\"lazy\" decoding=\"async\" class=\"image_rollover\" src=\"https:\/\/vda-dev.armstrong.space\/wp-content\/uploads\/2026\/09\/verallia-design-award-laetitia-daboville-0436-768x1152.jpg\"  src=\"https:\/\/vda-dev.armstrong.space\/wp-content\/uploads\/2026\/09\/verallia-design-award-laetitia-daboville-0436-768x1152.jpg\" alt=\"Verallia Design Award \u00a9 Laetitia d&#039;Aboville 0436\" width=\"768\" height=\"1152\">      <\/div>\n    <div class=\"uc_classic_carousel_content\" style=\"direction:ltr;\">\n    \n    \n        \n          \t\n      <div  class=\"card_carousel_title\">La vertu des pierres, un rituel de lumi\u00e8re<\/div>\n          \t\n    \n      \n    <p class=\"card_carousel_text\">Katelyn CROSNIER <br>\nPrix D\u00e9cor<\/p>    \n    \n    \t\n    \n    \n    \t\n  <\/div>\n  <\/div>\n<\/div>\n<div class=\"uc_classic_carousel_container_holder ue-item elementor-repeater-item-f8b4fa0\">\n  <div class=\"ue-carousel-item\">\n      <div class=\"uc_classic_carousel_placeholder\">\n          <img loading=\"lazy\" decoding=\"async\"  class=\"image_rollout\" src=\"https:\/\/vda-dev.armstrong.space\/wp-content\/uploads\/2026\/09\/verallia-design-award-laetitia-daboville-0255-768x1152.jpg\"  src=\"https:\/\/vda-dev.armstrong.space\/wp-content\/uploads\/2026\/09\/verallia-design-award-laetitia-daboville-0255-768x1152.jpg\" alt=\"Verallia Design Award \u00a9 Laetitia d&#039;Aboville 0255\" width=\"768\" height=\"1152\">\n      <img loading=\"lazy\" decoding=\"async\" class=\"image_rollover\" src=\"https:\/\/vda-dev.armstrong.space\/wp-content\/uploads\/2026\/09\/verallia-design-award-laetitia-daboville-0353-768x511.jpg\"  src=\"https:\/\/vda-dev.armstrong.space\/wp-content\/uploads\/2026\/09\/verallia-design-award-laetitia-daboville-0353-768x511.jpg\" alt=\"Verallia Design Award \u00a9 Laetitia d&#039;Aboville 0353\" width=\"768\" height=\"511\">      <\/div>\n    <div class=\"uc_classic_carousel_content\" style=\"direction:ltr;\">\n    \n    \n        \n          \t\n      <div  class=\"card_carousel_title\">Promesse d\u2019\u00e9t\u00e9<\/div>\n          \t\n    \n      \n    <p class=\"card_carousel_text\"> Emilio PIEHLER <br>\nCoup de c\u0153ur des salari\u00e9s<\/p>    \n    \n    \t\n    \n    \n    \t\n  <\/div>\n  <\/div>\n<\/div>\n<div class=\"uc_classic_carousel_container_holder ue-item elementor-repeater-item-1f22113\">\n  <div class=\"ue-carousel-item\">\n      <div class=\"uc_classic_carousel_placeholder\">\n          <img loading=\"lazy\" decoding=\"async\"  class=\"image_rollout\" src=\"https:\/\/vda-dev.armstrong.space\/wp-content\/uploads\/2026\/08\/verallia-design-award-laetitia-daboville-0043-768x1154.jpg\"  src=\"https:\/\/vda-dev.armstrong.space\/wp-content\/uploads\/2026\/08\/verallia-design-award-laetitia-daboville-0043-768x1154.jpg\" alt=\"Verallia Design Award \u00a9 Laetitia d&#039;Aboville 0043\" width=\"768\" height=\"1154\">\n            <\/div>\n    <div class=\"uc_classic_carousel_content\" style=\"direction:ltr;\">\n    \n    \n        \n          \t\n      <div  class=\"card_carousel_title\">Flow<\/div>\n          \t\n    \n      \n    <p class=\"card_carousel_text\">Andy MARIE-JOSEPH <br>\n Prix Sp\u00e9cial R\u00e9my Cointreau<\/p>    \n    \n    \t\n    \n    \n    \t\n  <\/div>\n  <\/div>\n<\/div>\n\n      <\/div>\n<\/div>\n<!-- end Card Carousel -->\t\t\t\t<\/div>\n\t\t\t\t<\/div>\n\t\t\t\t<\/div>\n\t\t<div class=\"elementor-element elementor-element-1ed2dd0 e-flex e-con-boxed e-con e-parent\" data-id=\"1ed2dd0\" data-element_type=\"container\" data-e-type=\"container\">\n\t\t\t\t\t<div class=\"e-con-inner\">\n\t\t\t\t<div class=\"elementor-element elementor-element-36b5d63 elementor-align-center elementor-widget elementor-widget-button\" data-id=\"36b5d63\" data-element_type=\"widget\" data-e-type=\"widget\" data-widget_type=\"button.default\">\n\t\t\t\t<div class=\"elementor-widget-container\">\n\t\t\t\t\t\t\t\t\t<div class=\"elementor-button-wrapper\">\n\t\t\t\t\t<a class=\"elementor-button elementor-button-link elementor-size-sm\" href=\"https:\/\/vda-dev.armstrong.space\/felicitations-aux-laureats-des-verallia-design-awards-2026\/\">\n\t\t\t\t\t\t<span class=\"elementor-button-content-wrapper\">\n\t\t\t\t\t\t\t\t\t<span class=\"elementor-button-text\">En savoir plus sur les laur\u00e9ats<\/span>\n\t\t\t\t\t<\/span>\n\t\t\t\t\t<\/a>\n\t\t\t\t<\/div>\n\t\t\t\t\t\t\t\t<\/div>\n\t\t\t\t<\/div>\n\t\t\t\t\t<\/div>\n\t\t\t\t<\/div>\n\t\t<div class=\"elementor-element elementor-element-3178c7a e-flex e-con-boxed e-con e-parent\" data-id=\"3178c7a\" data-element_type=\"container\" data-e-type=\"container\">\n\t\t\t\t\t<div class=\"e-con-inner\">\n\t\t\t\t<div class=\"elementor-element elementor-element-ade17d5 elementor-widget elementor-widget-heading\" data-id=\"ade17d5\" data-element_type=\"widget\" data-e-type=\"widget\" data-widget_type=\"heading.default\">\n\t\t\t\t<div class=\"elementor-widget-container\">\n\t\t\t\t\t<h2 class=\"elementor-heading-title elementor-size-default\">Nouveaut\u00e9 2026 : Prix Sp\u00e9cial R\u00e9my Cointreau<\/h2>\t\t\t\t<\/div>\n\t\t\t\t<\/div>\n\t\t\t\t<div class=\"elementor-element elementor-element-cb476bf anim-1 elementor-widget elementor-widget-image\" data-id=\"cb476bf\" data-element_type=\"widget\" data-e-type=\"widget\" data-widget_type=\"image.default\">\n\t\t\t\t<div class=\"elementor-widget-container\">\n\t\t\t\t\t\t\t\t\t\t\t\t\t\t\t<img decoding=\"async\" src=\"https:\/\/vda-dev.armstrong.space\/wp-content\/uploads\/2026\/09\/verallia-design-award-laetitia-daboville-0212-scaled.jpg\" title=\"Verallia Design Award \u00a9 Laetitia d\u2019Aboville 0212\" alt=\"Verallia Design Award, 17eme \u00e9dition, Tour Carpe Diem, 2026, \u00a9 Laetitia d&apos;Aboville\" loading=\"lazy\" \/>\t\t\t\t\t\t\t\t\t\t\t\t\t\t\t<\/div>\n\t\t\t\t<\/div>\n\t\t<div class=\"elementor-element elementor-element-dace882 e-con-full e-flex e-con e-child\" data-id=\"dace882\" data-element_type=\"container\" data-e-type=\"container\" data-settings=\"{&quot;background_background&quot;:&quot;classic&quot;}\">\n\t\t\t\t<div class=\"elementor-element elementor-element-486a552 elementor-widget elementor-widget-heading\" data-id=\"486a552\" data-element_type=\"widget\" data-e-type=\"widget\" data-widget_type=\"heading.default\">\n\t\t\t\t<div class=\"elementor-widget-container\">\n\t\t\t\t\t<h3 class=\"elementor-heading-title elementor-size-default\">Une \u00e9dition sp\u00e9ciale !<\/h3>\t\t\t\t<\/div>\n\t\t\t\t<\/div>\n\t\t\t\t<div class=\"elementor-element elementor-element-364fb94 elementor-widget elementor-widget-text-editor\" data-id=\"364fb94\" data-element_type=\"widget\" data-e-type=\"widget\" data-widget_type=\"text-editor.default\">\n\t\t\t\t<div class=\"elementor-widget-container\">\n\t\t\t\t\t\t\t\t\t<p>Cette 17\u00e8me \u00e9dition marque une \u00e9tape importante dans l\u2019histoire des Verallia Design Awards avec pour la premi\u00e8re fois, la cr\u00e9ation d\u2019<strong>un prix sp\u00e9cial d\u00e9velopp\u00e9 en partenariat<\/strong> <strong>avec un client<\/strong>. R\u00e9alis\u00e9 avec <strong>le groupe R\u00e9my Cointreau<\/strong>, ce nouveau d\u00e9fi a permis aux \u00e9tudiants de travailler \u00e0 partir d\u2019un brief concret, en lien direct avec les attentes et les enjeux du march\u00e9.<\/p>\n<div>\n<p>Le Prix Sp\u00e9cial R\u00e9my Cointreau a \u00e9t\u00e9 d\u00e9cern\u00e9 \u00e0 <strong>Andy Marie-Joseph<\/strong>, \u00e9tudiant \u00e0<a href=\"https:\/\/www.lecolededesign.com\/fr\"> <strong>l\u2019\u00c9cole de Design Nantes Atlantique<\/strong><\/a>, pour son projet <em>Flow<\/em>.\u00a0<\/p>\n<\/div>\t\t\t\t\t\t\t\t<\/div>\n\t\t\t\t<\/div>\n\t\t\t\t<div class=\"elementor-element elementor-element-d64d5b5 elementor-widget elementor-widget-button\" data-id=\"d64d5b5\" data-element_type=\"widget\" data-e-type=\"widget\" data-widget_type=\"button.default\">\n\t\t\t\t<div class=\"elementor-widget-container\">\n\t\t\t\t\t\t\t\t\t<div class=\"elementor-button-wrapper\">\n\t\t\t\t\t<a class=\"elementor-button elementor-button-link elementor-size-sm\" href=\"https:\/\/vda-dev.armstrong.space\/nouveau-prix-remy-cointreau-verallia-design-awards\/\" target=\"_blank\">\n\t\t\t\t\t\t<span class=\"elementor-button-content-wrapper\">\n\t\t\t\t\t\t\t\t\t<span class=\"elementor-button-text\">En savoir plus<\/span>\n\t\t\t\t\t<\/span>\n\t\t\t\t\t<\/a>\n\t\t\t\t<\/div>\n\t\t\t\t\t\t\t\t<\/div>\n\t\t\t\t<\/div>\n\t\t\t\t<\/div>\n\t\t\t\t\t<\/div>\n\t\t\t\t<\/div>\n\t\t<div class=\"elementor-element elementor-element-b22f758 e-flex e-con-boxed e-con e-parent\" data-id=\"b22f758\" data-element_type=\"container\" data-e-type=\"container\">\n\t\t\t\t\t<div class=\"e-con-inner\">\n\t\t\t\t\t<\/div>\n\t\t\t\t<\/div>\n\t\t<div class=\"elementor-element elementor-element-5557d66 e-flex e-con-boxed e-con e-parent\" data-id=\"5557d66\" data-element_type=\"container\" data-e-type=\"container\">\n\t\t\t\t\t<div class=\"e-con-inner\">\n\t\t\t\t<div class=\"elementor-element elementor-element-87bfac7 elementor-widget elementor-widget-spacer\" data-id=\"87bfac7\" data-element_type=\"widget\" data-e-type=\"widget\" data-widget_type=\"spacer.default\">\n\t\t\t\t<div class=\"elementor-widget-container\">\n\t\t\t\t\t\t\t<div class=\"elementor-spacer\">\n\t\t\t<div class=\"elementor-spacer-inner\"><\/div>\n\t\t<\/div>\n\t\t\t\t\t\t<\/div>\n\t\t\t\t<\/div>\n\t\t\t\t<div class=\"elementor-element elementor-element-8f071df elementor-widget elementor-widget-image\" data-id=\"8f071df\" data-element_type=\"widget\" data-e-type=\"widget\" data-widget_type=\"image.default\">\n\t\t\t\t<div class=\"elementor-widget-container\">\n\t\t\t\t\t\t\t\t\t\t\t\t\t\t\t<img loading=\"lazy\" decoding=\"async\" width=\"768\" height=\"512\" src=\"https:\/\/vda-dev.armstrong.space\/wp-content\/uploads\/2026\/09\/verallia-design-award-laetitia-daboville-1687-1-768x512.jpg\" class=\"attachment-medium_large size-medium_large wp-image-105877\" alt=\"\" srcset=\"https:\/\/vda-dev.armstrong.space\/wp-content\/uploads\/2026\/09\/verallia-design-award-laetitia-daboville-1687-1-768x512.jpg 768w, https:\/\/vda-dev.armstrong.space\/wp-content\/uploads\/2026\/09\/verallia-design-award-laetitia-daboville-1687-1-300x200.jpg 300w, https:\/\/vda-dev.armstrong.space\/wp-content\/uploads\/2026\/09\/verallia-design-award-laetitia-daboville-1687-1-1024x683.jpg 1024w, https:\/\/vda-dev.armstrong.space\/wp-content\/uploads\/2026\/09\/verallia-design-award-laetitia-daboville-1687-1-1536x1024.jpg 1536w, https:\/\/vda-dev.armstrong.space\/wp-content\/uploads\/2026\/09\/verallia-design-award-laetitia-daboville-1687-1-2048x1365.jpg 2048w\" sizes=\"(max-width: 768px) 100vw, 768px\" \/>\t\t\t\t\t\t\t\t\t\t\t\t\t\t\t<\/div>\n\t\t\t\t<\/div>\n\t\t\t\t\t<\/div>\n\t\t\t\t<\/div>\n\t\t<div class=\"elementor-element elementor-element-ddabe5c e-flex e-con-boxed e-con e-parent\" data-id=\"ddabe5c\" data-element_type=\"container\" data-e-type=\"container\">\n\t\t\t\t\t<div class=\"e-con-inner\">\n\t\t\t\t<div class=\"elementor-element elementor-element-033cb66 elementor-widget elementor-widget-spacer\" data-id=\"033cb66\" data-element_type=\"widget\" data-e-type=\"widget\" data-widget_type=\"spacer.default\">\n\t\t\t\t<div class=\"elementor-widget-container\">\n\t\t\t\t\t\t\t<div class=\"elementor-spacer\">\n\t\t\t<div class=\"elementor-spacer-inner\"><\/div>\n\t\t<\/div>\n\t\t\t\t\t\t<\/div>\n\t\t\t\t<\/div>\n\t\t\t\t\t<\/div>\n\t\t\t\t<\/div>\n\t\t<div class=\"elementor-element elementor-element-6952ebf e-flex e-con-boxed e-con e-parent\" data-id=\"6952ebf\" data-element_type=\"container\" data-e-type=\"container\" data-settings=\"{&quot;background_background&quot;:&quot;classic&quot;}\">\n\t\t\t\t\t<div class=\"e-con-inner\">\n\t\t<div class=\"elementor-element elementor-element-8451a3e e-grid e-con-full e-con e-child\" data-id=\"8451a3e\" data-element_type=\"container\" data-e-type=\"container\">\n\t\t\t\t<div class=\"elementor-element elementor-element-ef23e9d elementor-widget elementor-widget-video\" data-id=\"ef23e9d\" data-element_type=\"widget\" data-e-type=\"widget\" data-settings=\"{&quot;youtube_url&quot;:&quot;https:\\\/\\\/youtu.be\\\/1GDcOieDhGU?si=1sk8G_2um7KSfy-S&quot;,&quot;video_type&quot;:&quot;youtube&quot;,&quot;controls&quot;:&quot;yes&quot;}\" data-widget_type=\"video.default\">\n\t\t\t\t<div class=\"elementor-widget-container\">\n\t\t\t\t\t\t\t<div class=\"elementor-wrapper elementor-open-inline\">\n\t\t\t<div class=\"elementor-video\"><\/div>\t\t<\/div>\n\t\t\t\t\t\t<\/div>\n\t\t\t\t<\/div>\n\t\t\t\t<\/div>\n\t\t\t\t\t<\/div>\n\t\t\t\t<\/div>\n\t\t\t\t<\/div>\n\t\t","protected":false},"excerpt":{"rendered":"<p>&#8220;Verre &amp; Vertus&#8221; Retour sur l&#8217;univers de l&#8217;\u00e9dition 2026 du concours Le th\u00e8me \u00ab Verre &amp; Vertus \u00bb invite \u00e0 repenser le packaging en verre comme un v\u00e9ritable acteur du bien-\u00eatre. Les participants sont encourag\u00e9s \u00e0 cr\u00e9er des emballages valorisant les bienfaits des produits, les ingr\u00e9dients naturels et les nouveaux rituels de consommation. Inspir\u00e9 par [&hellip;]<\/p>\n","protected":false},"author":55773,"featured_media":0,"parent":21,"menu_order":2026,"comment_status":"closed","ping_status":"closed","template":"","meta":{"_acf_changed":false,"footnotes":""},"class_list":["post-105845","page","type-page","status-publish","hentry"],"acf":[],"yoast_head":"<!-- This site is optimized with the Yoast SEO plugin v28.4 - https:\/\/yoast.com\/product\/yoast-seo-wordpress\/ -->\n<title>Edition 2026 - Verallia Design Awards<\/title>\n<meta name=\"description\" content=\"D\u00e9couvrez l&#039;\u00e9dition 2026 des Verallia Design Awards sur le th\u00e8me \u00ab Verre &amp; Vertus \u00bb et explorez les projets qui r\u00e9inventent le bien-\u00eatre en verre.\" \/>\n<meta name=\"robots\" content=\"index, follow, max-snippet:-1, max-image-preview:large, max-video-preview:-1\" \/>\n<link rel=\"canonical\" href=\"https:\/\/vda-dev.armstrong.space\/fr\/editions-precedentes-du-concours\/2026-2\/\" \/>\n<meta property=\"og:locale\" content=\"fr_FR\" \/>\n<meta property=\"og:type\" content=\"article\" \/>\n<meta property=\"og:title\" content=\"Edition 2026 - Verallia Design Awards\" \/>\n<meta property=\"og:description\" content=\"D\u00e9couvrez l&#039;\u00e9dition 2026 des Verallia Design Awards sur le th\u00e8me \u00ab Verre &amp; Vertus \u00bb et explorez les projets qui r\u00e9inventent le bien-\u00eatre en verre.\" \/>\n<meta property=\"og:url\" content=\"https:\/\/vda-dev.armstrong.space\/fr\/editions-precedentes-du-concours\/2026-2\/\" \/>\n<meta property=\"og:site_name\" content=\"Verallia Design Awards\" \/>\n<meta property=\"article:modified_time\" content=\"2026-09-01T15:02:11+00:00\" \/>\n<meta property=\"og:image\" content=\"https:\/\/vda-dev.armstrong.space\/wp-content\/uploads\/2026\/09\/verallia-design-award-laetitia-daboville-0355-scaled.jpg\" \/>\n<meta name=\"twitter:card\" content=\"summary_large_image\" \/>\n<meta name=\"twitter:label1\" content=\"Dur\u00e9e de lecture estim\u00e9e\" \/>\n\t<meta name=\"twitter:data1\" content=\"4 minutes\" \/>\n<script type=\"application\/ld+json\" class=\"yoast-schema-graph\">{\"@context\":\"https:\\\/\\\/schema.org\",\"@graph\":[{\"@type\":\"WebPage\",\"@id\":\"https:\\\/\\\/vda-dev.armstrong.space\\\/fr\\\/editions-precedentes-du-concours\\\/2026-2\\\/\",\"url\":\"https:\\\/\\\/vda-dev.armstrong.space\\\/fr\\\/editions-precedentes-du-concours\\\/2026-2\\\/\",\"name\":\"Edition 2026 - Verallia Design Awards\",\"isPartOf\":{\"@id\":\"https:\\\/\\\/vda-dev.armstrong.space\\\/fr\\\/#website\"},\"primaryImageOfPage\":{\"@id\":\"https:\\\/\\\/vda-dev.armstrong.space\\\/fr\\\/editions-precedentes-du-concours\\\/2026-2\\\/#primaryimage\"},\"image\":{\"@id\":\"https:\\\/\\\/vda-dev.armstrong.space\\\/fr\\\/editions-precedentes-du-concours\\\/2026-2\\\/#primaryimage\"},\"thumbnailUrl\":\"https:\\\/\\\/vda-dev.armstrong.space\\\/wp-content\\\/uploads\\\/2026\\\/09\\\/verallia-design-award-laetitia-daboville-0355-scaled.jpg\",\"datePublished\":\"2026-09-01T14:39:58+00:00\",\"dateModified\":\"2026-09-01T15:02:11+00:00\",\"description\":\"D\u00e9couvrez l'\u00e9dition 2026 des Verallia Design Awards sur le th\u00e8me \u00ab Verre & Vertus \u00bb et explorez les projets qui r\u00e9inventent le bien-\u00eatre en verre.\",\"breadcrumb\":{\"@id\":\"https:\\\/\\\/vda-dev.armstrong.space\\\/fr\\\/editions-precedentes-du-concours\\\/2026-2\\\/#breadcrumb\"},\"inLanguage\":\"fr-FR\",\"potentialAction\":[{\"@type\":\"ReadAction\",\"target\":[\"https:\\\/\\\/vda-dev.armstrong.space\\\/fr\\\/editions-precedentes-du-concours\\\/2026-2\\\/\"]}]},{\"@type\":\"ImageObject\",\"inLanguage\":\"fr-FR\",\"@id\":\"https:\\\/\\\/vda-dev.armstrong.space\\\/fr\\\/editions-precedentes-du-concours\\\/2026-2\\\/#primaryimage\",\"url\":\"https:\\\/\\\/vda-dev.armstrong.space\\\/wp-content\\\/uploads\\\/2026\\\/09\\\/verallia-design-award-laetitia-daboville-0355-scaled.jpg\",\"contentUrl\":\"https:\\\/\\\/vda-dev.armstrong.space\\\/wp-content\\\/uploads\\\/2026\\\/09\\\/verallia-design-award-laetitia-daboville-0355-scaled.jpg\"},{\"@type\":\"BreadcrumbList\",\"@id\":\"https:\\\/\\\/vda-dev.armstrong.space\\\/fr\\\/editions-precedentes-du-concours\\\/2026-2\\\/#breadcrumb\",\"itemListElement\":[{\"@type\":\"ListItem\",\"position\":1,\"name\":\"Accueil\",\"item\":\"https:\\\/\\\/vda-dev.armstrong.space\\\/fr\\\/\"},{\"@type\":\"ListItem\",\"position\":2,\"name\":\"Les \u00e9ditions pr\u00e9c\u00e9dentes\",\"item\":\"https:\\\/\\\/vda-dev.armstrong.space\\\/fr\\\/editions-precedentes-du-concours\\\/\"},{\"@type\":\"ListItem\",\"position\":3,\"name\":\"2026\"}]},{\"@type\":\"WebSite\",\"@id\":\"https:\\\/\\\/vda-dev.armstrong.space\\\/fr\\\/#website\",\"url\":\"https:\\\/\\\/vda-dev.armstrong.space\\\/fr\\\/\",\"name\":\"Verallia Design Awards\",\"description\":\"Verallia Design Award, le concours de design du packaging en verre\",\"publisher\":{\"@id\":\"https:\\\/\\\/vda-dev.armstrong.space\\\/fr\\\/#organization\"},\"potentialAction\":[{\"@type\":\"SearchAction\",\"target\":{\"@type\":\"EntryPoint\",\"urlTemplate\":\"https:\\\/\\\/vda-dev.armstrong.space\\\/fr\\\/?s={search_term_string}\"},\"query-input\":{\"@type\":\"PropertyValueSpecification\",\"valueRequired\":true,\"valueName\":\"search_term_string\"}}],\"inLanguage\":\"fr-FR\"},{\"@type\":\"Organization\",\"@id\":\"https:\\\/\\\/vda-dev.armstrong.space\\\/fr\\\/#organization\",\"name\":\"Verallia Design Awards\",\"url\":\"https:\\\/\\\/vda-dev.armstrong.space\\\/fr\\\/\",\"logo\":{\"@type\":\"ImageObject\",\"inLanguage\":\"fr-FR\",\"@id\":\"https:\\\/\\\/vda-dev.armstrong.space\\\/fr\\\/#\\\/schema\\\/logo\\\/image\\\/\",\"url\":\"https:\\\/\\\/vda-dev.armstrong.space\\\/wp-content\\\/uploads\\\/2023\\\/05\\\/logo-small.png\",\"contentUrl\":\"https:\\\/\\\/vda-dev.armstrong.space\\\/wp-content\\\/uploads\\\/2023\\\/05\\\/logo-small.png\",\"width\":198,\"height\":117,\"caption\":\"Verallia Design Awards\"},\"image\":{\"@id\":\"https:\\\/\\\/vda-dev.armstrong.space\\\/fr\\\/#\\\/schema\\\/logo\\\/image\\\/\"}}]}<\/script>\n<!-- \/ Yoast SEO plugin. -->","yoast_head_json":{"title":"Edition 2026 - Verallia Design Awards","description":"D\u00e9couvrez l'\u00e9dition 2026 des Verallia Design Awards sur le th\u00e8me \u00ab Verre & Vertus \u00bb et explorez les projets qui r\u00e9inventent le bien-\u00eatre en verre.","robots":{"index":"index","follow":"follow","max-snippet":"max-snippet:-1","max-image-preview":"max-image-preview:large","max-video-preview":"max-video-preview:-1"},"canonical":"https:\/\/vda-dev.armstrong.space\/fr\/editions-precedentes-du-concours\/2026-2\/","og_locale":"fr_FR","og_type":"article","og_title":"Edition 2026 - Verallia Design Awards","og_description":"D\u00e9couvrez l'\u00e9dition 2026 des Verallia Design Awards sur le th\u00e8me \u00ab Verre & Vertus \u00bb et explorez les projets qui r\u00e9inventent le bien-\u00eatre en verre.","og_url":"https:\/\/vda-dev.armstrong.space\/fr\/editions-precedentes-du-concours\/2026-2\/","og_site_name":"Verallia Design Awards","article_modified_time":"2026-09-01T15:02:11+00:00","og_image":[{"url":"https:\/\/vda-dev.armstrong.space\/wp-content\/uploads\/2026\/09\/verallia-design-award-laetitia-daboville-0355-scaled.jpg","type":"","width":"","height":""}],"twitter_card":"summary_large_image","twitter_misc":{"Dur\u00e9e de lecture estim\u00e9e":"4 minutes"},"schema":{"@context":"https:\/\/schema.org","@graph":[{"@type":"WebPage","@id":"https:\/\/vda-dev.armstrong.space\/fr\/editions-precedentes-du-concours\/2026-2\/","url":"https:\/\/vda-dev.armstrong.space\/fr\/editions-precedentes-du-concours\/2026-2\/","name":"Edition 2026 - Verallia Design Awards","isPartOf":{"@id":"https:\/\/vda-dev.armstrong.space\/fr\/#website"},"primaryImageOfPage":{"@id":"https:\/\/vda-dev.armstrong.space\/fr\/editions-precedentes-du-concours\/2026-2\/#primaryimage"},"image":{"@id":"https:\/\/vda-dev.armstrong.space\/fr\/editions-precedentes-du-concours\/2026-2\/#primaryimage"},"thumbnailUrl":"https:\/\/vda-dev.armstrong.space\/wp-content\/uploads\/2026\/09\/verallia-design-award-laetitia-daboville-0355-scaled.jpg","datePublished":"2026-09-01T14:39:58+00:00","dateModified":"2026-09-01T15:02:11+00:00","description":"D\u00e9couvrez l'\u00e9dition 2026 des Verallia Design Awards sur le th\u00e8me \u00ab Verre & Vertus \u00bb et explorez les projets qui r\u00e9inventent le bien-\u00eatre en verre.","breadcrumb":{"@id":"https:\/\/vda-dev.armstrong.space\/fr\/editions-precedentes-du-concours\/2026-2\/#breadcrumb"},"inLanguage":"fr-FR","potentialAction":[{"@type":"ReadAction","target":["https:\/\/vda-dev.armstrong.space\/fr\/editions-precedentes-du-concours\/2026-2\/"]}]},{"@type":"ImageObject","inLanguage":"fr-FR","@id":"https:\/\/vda-dev.armstrong.space\/fr\/editions-precedentes-du-concours\/2026-2\/#primaryimage","url":"https:\/\/vda-dev.armstrong.space\/wp-content\/uploads\/2026\/09\/verallia-design-award-laetitia-daboville-0355-scaled.jpg","contentUrl":"https:\/\/vda-dev.armstrong.space\/wp-content\/uploads\/2026\/09\/verallia-design-award-laetitia-daboville-0355-scaled.jpg"},{"@type":"BreadcrumbList","@id":"https:\/\/vda-dev.armstrong.space\/fr\/editions-precedentes-du-concours\/2026-2\/#breadcrumb","itemListElement":[{"@type":"ListItem","position":1,"name":"Accueil","item":"https:\/\/vda-dev.armstrong.space\/fr\/"},{"@type":"ListItem","position":2,"name":"Les \u00e9ditions pr\u00e9c\u00e9dentes","item":"https:\/\/vda-dev.armstrong.space\/fr\/editions-precedentes-du-concours\/"},{"@type":"ListItem","position":3,"name":"2026"}]},{"@type":"WebSite","@id":"https:\/\/vda-dev.armstrong.space\/fr\/#website","url":"https:\/\/vda-dev.armstrong.space\/fr\/","name":"Verallia Design Awards","description":"Verallia Design Award, le concours de design du packaging en verre","publisher":{"@id":"https:\/\/vda-dev.armstrong.space\/fr\/#organization"},"potentialAction":[{"@type":"SearchAction","target":{"@type":"EntryPoint","urlTemplate":"https:\/\/vda-dev.armstrong.space\/fr\/?s={search_term_string}"},"query-input":{"@type":"PropertyValueSpecification","valueRequired":true,"valueName":"search_term_string"}}],"inLanguage":"fr-FR"},{"@type":"Organization","@id":"https:\/\/vda-dev.armstrong.space\/fr\/#organization","name":"Verallia Design Awards","url":"https:\/\/vda-dev.armstrong.space\/fr\/","logo":{"@type":"ImageObject","inLanguage":"fr-FR","@id":"https:\/\/vda-dev.armstrong.space\/fr\/#\/schema\/logo\/image\/","url":"https:\/\/vda-dev.armstrong.space\/wp-content\/uploads\/2023\/05\/logo-small.png","contentUrl":"https:\/\/vda-dev.armstrong.space\/wp-content\/uploads\/2023\/05\/logo-small.png","width":198,"height":117,"caption":"Verallia Design Awards"},"image":{"@id":"https:\/\/vda-dev.armstrong.space\/fr\/#\/schema\/logo\/image\/"}}]}},"_links":{"self":[{"href":"https:\/\/vda-dev.armstrong.space\/fr\/wp-json\/wp\/v2\/pages\/105845","targetHints":{"allow":["GET"]}}],"collection":[{"href":"https:\/\/vda-dev.armstrong.space\/fr\/wp-json\/wp\/v2\/pages"}],"about":[{"href":"https:\/\/vda-dev.armstrong.space\/fr\/wp-json\/wp\/v2\/types\/page"}],"author":[{"embeddable":true,"href":"https:\/\/vda-dev.armstrong.space\/fr\/wp-json\/wp\/v2\/users\/55773"}],"replies":[{"embeddable":true,"href":"https:\/\/vda-dev.armstrong.space\/fr\/wp-json\/wp\/v2\/comments?post=105845"}],"version-history":[{"count":5,"href":"https:\/\/vda-dev.armstrong.space\/fr\/wp-json\/wp\/v2\/pages\/105845\/revisions"}],"predecessor-version":[{"id":105929,"href":"https:\/\/vda-dev.armstrong.space\/fr\/wp-json\/wp\/v2\/pages\/105845\/revisions\/105929"}],"up":[{"embeddable":true,"href":"https:\/\/vda-dev.armstrong.space\/fr\/wp-json\/wp\/v2\/pages\/21"}],"wp:attachment":[{"href":"https:\/\/vda-dev.armstrong.space\/fr\/wp-json\/wp\/v2\/media?parent=105845"}],"curies":[{"name":"wp","href":"https:\/\/api.w.org\/{rel}","templated":true}]}}